{"id":548,"date":"2022-09-15T11:04:46","date_gmt":"2022-09-15T09:04:46","guid":{"rendered":"https:\/\/lavillapolypheme.com\/?page_id=548"},"modified":"2022-10-09T07:26:24","modified_gmt":"2022-10-09T05:26:24","slug":"a-propos","status":"publish","type":"page","link":"https:\/\/lavillapolypheme.com\/index.php\/a-propos\/","title":{"rendered":"\u00c0 propos"},"content":{"rendered":"<p>[et_pb_section fb_built=\u00a0\u00bb1&Prime; _builder_version=\u00a0\u00bb4.18.0&Prime; _module_preset=\u00a0\u00bbdefault\u00a0\u00bb global_colors_info=\u00a0\u00bb{}\u00a0\u00bb theme_builder_area=\u00a0\u00bbpost_content\u00a0\u00bb][et_pb_row column_structure=\u00a0\u00bb1_2,1_2&Prime; _builder_version=\u00a0\u00bb4.18.0&Prime; _module_preset=\u00a0\u00bbdefault\u00a0\u00bb global_colors_info=\u00a0\u00bb{}\u00a0\u00bb theme_builder_area=\u00a0\u00bbpost_content\u00a0\u00bb][et_pb_column type=\u00a0\u00bb1_2&Prime; _builder_version=\u00a0\u00bb4.18.0&Prime; _module_preset=\u00a0\u00bbdefault\u00a0\u00bb global_colors_info=\u00a0\u00bb{}\u00a0\u00bb theme_builder_area=\u00a0\u00bbpost_content\u00a0\u00bb][et_pb_text _builder_version=\u00a0\u00bb4.18.0&Prime; _module_preset=\u00a0\u00bbdefault\u00a0\u00bb header_2_text_color=\u00a0\u00bb#00862F\u00a0\u00bb global_colors_info=\u00a0\u00bb{}\u00a0\u00bb theme_builder_area=\u00a0\u00bbpost_content\u00a0\u00bb]<\/p>\n<h2>Le \u00ab P\u2019tit \u00bb Mot de L\u00e9o<\/h2>\n<p>Dipl\u00f4m\u00e9e de l\u2019Institut de Formation en Masso-Kin\u00e9sith\u00e9rapie \u00e0 l\u2019IFM3R de Nantes en Juin 2016, j\u2019ai directement commenc\u00e9 \u00e0 exercer en Martinique o\u00f9 je suis rest\u00e9e presque 6 ans dans un cabinet<br \/>lib\u00e9ral au Morne Rouge.<\/p>\n<p>En parall\u00e8le, je suis passionn\u00e9e de tellement d\u2019activit\u00e9s (physiques, artistiques, musicales, plastiques etc.) que je pourrai facilement regrouper ces passions sous un m\u00eame concept \u00ab passionn\u00e9e de la vie et de tout ce qu\u2019elle a \u00e0 offrir \u00bb.<\/p>\n<p>En d\u00e9couvrant la Villa Polyph\u00e8me en 2020, j\u2019ai eu des \u00e9toiles pleins les yeux en imaginant tout ce que ce lieu me permettrait de faire, \u00e0 savoir partager ce que j\u2019aime avec toutes celles et ceux qui<br \/>voudraient le d\u00e9couvrir avec moi. En effet, j\u2019aime la vie, j\u2019aime le contact humain, alors quoi de mieux que de regrouper tout \u00e7a !<\/p>\n<p>&nbsp;<\/p>\n<h2>La Strophe de Christophe<\/h2>\n<p>P\u00e9l\u00e9en d\u2019origine, notre arriv\u00e9e \u00e0 la Villa Polyph\u00e8me et la possibilit\u00e9 de recevoir et rencontrer des personnes d\u2019ici et d\u2019ailleurs me permet de partager avec une joie immense l\u2019une de mes plus belles<br \/>passions : la nature !<\/p>\n<p>&nbsp;<\/p>\n<h2>\u00c0 nous deux<\/h2>\n<p>Nous souhaitons cr\u00e9er un lieu o\u00f9 il fait bon vivre, bon \u00eatre&#8230;<br \/>Un lieu o\u00f9 la d\u00e9couverte du Nord Cara\u00efbe (et de la Martinique en m\u00eame temps !) tout comme la d\u00e9couverte de nouvelles activit\u00e9s sur place est un plaisir pour chacun.e. et se font en parfaite<br \/>harmonie.<\/p>\n<p>Nous tenons particuli\u00e8rement \u00e0 remercier Print Shop Cr\u00e9a (Auray), la Graphiste de l&rsquo;Ouest pour ce site internet, ainsi que Patrice Gold (Goldphotography Martinique) pour ces magnifiques photos.<\/p>\n<p>&nbsp;<\/p>\n<p>[\/et_pb_text][\/et_pb_column][et_pb_column type=\u00a0\u00bb1_2&Prime; _builder_version=\u00a0\u00bb4.18.0&Prime; _module_preset=\u00a0\u00bbdefault\u00a0\u00bb global_colors_info=\u00a0\u00bb{}\u00a0\u00bb theme_builder_area=\u00a0\u00bbpost_content\u00a0\u00bb][et_pb_image src=\u00a0\u00bbhttps:\/\/lavillapolypheme.com\/wp-content\/uploads\/2022\/09\/nous.jpg\u00a0\u00bb title_text=\u00a0\u00bbnous\u00a0\u00bb _builder_version=\u00a0\u00bb4.18.0&Prime; _module_preset=\u00a0\u00bbdefault\u00a0\u00bb border_radii=\u00a0\u00bbon|60px|60px|60px|60px\u00a0\u00bb box_shadow_style=\u00a0\u00bbpreset1&Prime; global_colors_info=\u00a0\u00bb{}\u00a0\u00bb theme_builder_area=\u00a0\u00bbpost_content\u00a0\u00bb][\/et_pb_image][\/et_pb_column][\/et_pb_row][\/et_pb_section]<\/p>\n","protected":false},"excerpt":{"rendered":"<p>Le \u00ab P\u2019tit \u00bb Mot de L\u00e9o Dipl\u00f4m\u00e9e de l\u2019Institut de Formation en Masso-Kin\u00e9sith\u00e9rapie \u00e0 l\u2019IFM3R de Nantes en Juin 2016, j\u2019ai directement commenc\u00e9 \u00e0 exercer en Martinique o\u00f9 je [&hellip;]<\/p>\n","protected":false},"author":1,"featured_media":0,"parent":0,"menu_order":0,"comment_status":"closed","ping_status":"closed","template":"","meta":{"_et_pb_use_builder":"on","_et_pb_old_content":"","_et_gb_content_width":"","inline_featured_image":false,"_price":"","_stock":"","_tribe_ticket_header":"","_tribe_default_ticket_provider":"","_tribe_ticket_capacity":"0","_ticket_start_date":"","_ticket_end_date":"","_tribe_ticket_show_description":"","_tribe_ticket_show_not_going":false,"_tribe_ticket_use_global_stock":"","_tribe_ticket_global_stock_level":"","_global_stock_mode":"","_global_stock_cap":"","_tribe_rsvp_for_event":"","_tribe_ticket_going_count":"","_tribe_ticket_not_going_count":"","_tribe_tickets_list":"[]","_tribe_ticket_has_attendee_info_fields":false,"footnotes":""},"class_list":["post-548","page","type-page","status-publish","hentry"],"yoast_head":"<!-- This site is optimized with the Yoast SEO plugin v21.5 - https:\/\/yoast.com\/wordpress\/plugins\/seo\/ -->\n<title>\u00c0 propos - La Villa Polyph\u00e8me : G\u00eete chambre d&#039;h\u00f4te Saint-Pierre, Martinique<\/title>\n<meta name=\"robots\" content=\"index, follow, max-snippet:-1, max-image-preview:large, max-video-preview:-1\" \/>\n<link rel=\"canonical\" href=\"https:\/\/lavillapolypheme.com\/index.php\/a-propos\/\" \/>\n<meta property=\"og:locale\" content=\"fr_FR\" \/>\n<meta property=\"og:type\" content=\"article\" \/>\n<meta property=\"og:title\" content=\"\u00c0 propos - La Villa Polyph\u00e8me : G\u00eete chambre d&#039;h\u00f4te Saint-Pierre, Martinique\" \/>\n<meta property=\"og:description\" content=\"Le \u00ab P\u2019tit \u00bb Mot de L\u00e9o Dipl\u00f4m\u00e9e de l\u2019Institut de Formation en Masso-Kin\u00e9sith\u00e9rapie \u00e0 l\u2019IFM3R de Nantes en Juin 2016, j\u2019ai directement commenc\u00e9 \u00e0 exercer en Martinique o\u00f9 je [&hellip;]\" \/>\n<meta property=\"og:url\" content=\"https:\/\/lavillapolypheme.com\/index.php\/a-propos\/\" \/>\n<meta property=\"og:site_name\" content=\"La Villa Polyph\u00e8me : G\u00eete chambre d&#039;h\u00f4te Saint-Pierre, Martinique\" \/>\n<meta property=\"article:modified_time\" content=\"2022-10-09T05:26:24+00:00\" \/>\n<meta name=\"twitter:card\" content=\"summary_large_image\" \/>\n<script type=\"application\/ld+json\" class=\"yoast-schema-graph\">{\"@context\":\"https:\/\/schema.org\",\"@graph\":[{\"@type\":\"WebPage\",\"@id\":\"https:\/\/lavillapolypheme.com\/index.php\/a-propos\/\",\"url\":\"https:\/\/lavillapolypheme.com\/index.php\/a-propos\/\",\"name\":\"\u00c0 propos - La Villa Polyph\u00e8me : G\u00eete chambre d&#039;h\u00f4te Saint-Pierre, Martinique\",\"isPartOf\":{\"@id\":\"https:\/\/lavillapolypheme.com\/#website\"},\"datePublished\":\"2022-09-15T09:04:46+00:00\",\"dateModified\":\"2022-10-09T05:26:24+00:00\",\"breadcrumb\":{\"@id\":\"https:\/\/lavillapolypheme.com\/index.php\/a-propos\/#breadcrumb\"},\"inLanguage\":\"fr-FR\",\"potentialAction\":[{\"@type\":\"ReadAction\",\"target\":[\"https:\/\/lavillapolypheme.com\/index.php\/a-propos\/\"]}]},{\"@type\":\"BreadcrumbList\",\"@id\":\"https:\/\/lavillapolypheme.com\/index.php\/a-propos\/#breadcrumb\",\"itemListElement\":[{\"@type\":\"ListItem\",\"position\":1,\"name\":\"Accueil\",\"item\":\"https:\/\/lavillapolypheme.com\/\"},{\"@type\":\"ListItem\",\"position\":2,\"name\":\"\u00c0 propos\"}]},{\"@type\":\"WebSite\",\"@id\":\"https:\/\/lavillapolypheme.com\/#website\",\"url\":\"https:\/\/lavillapolypheme.com\/\",\"name\":\"La Villa Polyph\u00e8me : G\u00eete chambre d&#039;h\u00f4te Saint-Pierre, Martinique\",\"description\":\"\",\"potentialAction\":[{\"@type\":\"SearchAction\",\"target\":{\"@type\":\"EntryPoint\",\"urlTemplate\":\"https:\/\/lavillapolypheme.com\/?s={search_term_string}\"},\"query-input\":\"required name=search_term_string\"}],\"inLanguage\":\"fr-FR\"}]}<\/script>\n<!-- \/ Yoast SEO plugin. -->","yoast_head_json":{"title":"\u00c0 propos - La Villa Polyph\u00e8me : G\u00eete chambre d&#039;h\u00f4te Saint-Pierre, Martinique","robots":{"index":"index","follow":"follow","max-snippet":"max-snippet:-1","max-image-preview":"max-image-preview:large","max-video-preview":"max-video-preview:-1"},"canonical":"https:\/\/lavillapolypheme.com\/index.php\/a-propos\/","og_locale":"fr_FR","og_type":"article","og_title":"\u00c0 propos - La Villa Polyph\u00e8me : G\u00eete chambre d&#039;h\u00f4te Saint-Pierre, Martinique","og_description":"Le \u00ab P\u2019tit \u00bb Mot de L\u00e9o Dipl\u00f4m\u00e9e de l\u2019Institut de Formation en Masso-Kin\u00e9sith\u00e9rapie \u00e0 l\u2019IFM3R de Nantes en Juin 2016, j\u2019ai directement commenc\u00e9 \u00e0 exercer en Martinique o\u00f9 je [&hellip;]","og_url":"https:\/\/lavillapolypheme.com\/index.php\/a-propos\/","og_site_name":"La Villa Polyph\u00e8me : G\u00eete chambre d&#039;h\u00f4te Saint-Pierre, Martinique","article_modified_time":"2022-10-09T05:26:24+00:00","twitter_card":"summary_large_image","schema":{"@context":"https:\/\/schema.org","@graph":[{"@type":"WebPage","@id":"https:\/\/lavillapolypheme.com\/index.php\/a-propos\/","url":"https:\/\/lavillapolypheme.com\/index.php\/a-propos\/","name":"\u00c0 propos - La Villa Polyph\u00e8me : G\u00eete chambre d&#039;h\u00f4te Saint-Pierre, Martinique","isPartOf":{"@id":"https:\/\/lavillapolypheme.com\/#website"},"datePublished":"2022-09-15T09:04:46+00:00","dateModified":"2022-10-09T05:26:24+00:00","breadcrumb":{"@id":"https:\/\/lavillapolypheme.com\/index.php\/a-propos\/#breadcrumb"},"inLanguage":"fr-FR","potentialAction":[{"@type":"ReadAction","target":["https:\/\/lavillapolypheme.com\/index.php\/a-propos\/"]}]},{"@type":"BreadcrumbList","@id":"https:\/\/lavillapolypheme.com\/index.php\/a-propos\/#breadcrumb","itemListElement":[{"@type":"ListItem","position":1,"name":"Accueil","item":"https:\/\/lavillapolypheme.com\/"},{"@type":"ListItem","position":2,"name":"\u00c0 propos"}]},{"@type":"WebSite","@id":"https:\/\/lavillapolypheme.com\/#website","url":"https:\/\/lavillapolypheme.com\/","name":"La Villa Polyph\u00e8me : G\u00eete chambre d&#039;h\u00f4te Saint-Pierre, Martinique","description":"","potentialAction":[{"@type":"SearchAction","target":{"@type":"EntryPoint","urlTemplate":"https:\/\/lavillapolypheme.com\/?s={search_term_string}"},"query-input":"required name=search_term_string"}],"inLanguage":"fr-FR"}]}},"jetpack_sharing_enabled":true,"_links":{"self":[{"href":"https:\/\/lavillapolypheme.com\/index.php\/wp-json\/wp\/v2\/pages\/548","targetHints":{"allow":["GET"]}}],"collection":[{"href":"https:\/\/lavillapolypheme.com\/index.php\/wp-json\/wp\/v2\/pages"}],"about":[{"href":"https:\/\/lavillapolypheme.com\/index.php\/wp-json\/wp\/v2\/types\/page"}],"author":[{"embeddable":true,"href":"https:\/\/lavillapolypheme.com\/index.php\/wp-json\/wp\/v2\/users\/1"}],"replies":[{"embeddable":true,"href":"https:\/\/lavillapolypheme.com\/index.php\/wp-json\/wp\/v2\/comments?post=548"}],"version-history":[{"count":4,"href":"https:\/\/lavillapolypheme.com\/index.php\/wp-json\/wp\/v2\/pages\/548\/revisions"}],"predecessor-version":[{"id":674,"href":"https:\/\/lavillapolypheme.com\/index.php\/wp-json\/wp\/v2\/pages\/548\/revisions\/674"}],"wp:attachment":[{"href":"https:\/\/lavillapolypheme.com\/index.php\/wp-json\/wp\/v2\/media?parent=548"}],"curies":[{"name":"wp","href":"https:\/\/api.w.org\/{rel}","templated":true}]}}